{"id":3159,"date":"2026-04-02T06:49:39","date_gmt":"2026-04-02T06:49:39","guid":{"rendered":"https:\/\/gosiastanczyk.pl\/spektrum\/od-samorzecznictwa-do-wspolnoty-jak-budowac-ostoje-dla-osob-neuroodmiennych-webinarium-z-julia-kozakiewicz-domzal-copy\/"},"modified":"2026-04-02T09:12:20","modified_gmt":"2026-04-02T09:12:20","slug":"relacje-rodzic-nauczyciel","status":"publish","type":"page","link":"https:\/\/gosiastanczyk.pl\/spektrum\/relacje-rodzic-nauczyciel\/","title":{"rendered":"Jak budowa\u0107 relacj\u0119 rodzic-nauczyciel. Webinarium dla rodzic\u00f3w i specjalist\u00f3w."},"content":{"rendered":"<!--themify_builder_content-->\n<div id=\"themify_builder_content-3159\" data-postid=\"3159\" class=\"themify_builder_content themify_builder_content-3159 themify_builder tf_clear\">\n                    <div  data-lazy=\"1\" class=\"module_row themify_builder_row tb_1rpn200 tb_first tf_w\">\n                        <div class=\"row_inner col_align_top tb_col_count_1 tf_box tf_rel\">\n                        <div  data-lazy=\"1\" class=\"module_column tb-column col-full tb_4z1c340 first\">\n                    <!-- module image -->\n<div  class=\"module module-image tb_z0r9002 image-center   tf_mw\" data-lazy=\"1\">\n        <div class=\"image-wrap tf_rel tf_mw\">\n            <img loading=\"lazy\" decoding=\"async\" src=\"https:\/\/gosiastanczyk.pl\/spektrum\/wp-content\/uploads\/2026\/04\/Projekt-spektrum-11-1024x1024-600x600.png\" width=\"600\" height=\"600\" class=\"wp-post-image wp-image-3166\" title=\"Projekt spektrum (11)\" alt=\"Projekt spektrum (11)\" srcset=\"https:\/\/gosiastanczyk.pl\/spektrum\/wp-content\/uploads\/2026\/04\/Projekt-spektrum-11-1024x1024-600x600.png 600w, https:\/\/gosiastanczyk.pl\/spektrum\/wp-content\/uploads\/2026\/04\/Projekt-spektrum-11-300x300.png 300w, https:\/\/gosiastanczyk.pl\/spektrum\/wp-content\/uploads\/2026\/04\/Projekt-spektrum-11-1024x1024.png 1024w, https:\/\/gosiastanczyk.pl\/spektrum\/wp-content\/uploads\/2026\/04\/Projekt-spektrum-11-150x150.png 150w, https:\/\/gosiastanczyk.pl\/spektrum\/wp-content\/uploads\/2026\/04\/Projekt-spektrum-11-768x768.png 768w, https:\/\/gosiastanczyk.pl\/spektrum\/wp-content\/uploads\/2026\/04\/Projekt-spektrum-11.png 1080w\" sizes=\"auto, (max-width: 600px) 100vw, 600px\" \/>    \n        <\/div>\n    <!-- \/image-wrap -->\n    \n        <\/div>\n<!-- \/module image --><!-- module text -->\n<div  class=\"module module-text tb_fu07803   \" data-lazy=\"1\">\n        <div  class=\"tb_text_wrap\">\n            <\/div>\n<\/div>\n<!-- \/module text --><!-- module text -->\n<div  class=\"module module-text tb_oxen303   \" data-lazy=\"1\">\n        <div  class=\"tb_text_wrap\">\n        <h3 class=\"image-title\">Jak budowa\u0107 relacj\u0119 rodzic-nauczyciel. Webinarium dla rodzic\u00f3w i specjalist\u00f3w<span style=\"font-size: 2em; font-weight: normal; letter-spacing: -0.025em;\">\u00a0<\/span><\/h3>\n<div>\n<div>\n<div>Termin: 9 kwietnia 2026 (czwartek), godzina 21:00 Prowadz\u0105ce: Karolina Romanek, Gosia Sta\u0144czyk\u00a0<\/div>\n<div><b>Nie musisz by\u0107 na \u017cywo &#8211; b\u0119dzie dost\u0119pne nagranie (na 2 lata).<\/b><\/div>\n<\/div>\n<\/div>\n<div>\u00a0<\/div>\n<div>\n<div>\n<p>Bliska wsp\u00f3\u0142praca rodzic\u00f3w i nauczycieli, w przypadku dzieci z orzeczeniem o potrzebie kszta\u0142cenia specjalnego, daje szans\u0119 na po\u0142\u0105czenie zasob\u00f3w obu stron i stworzenie \u015brodowiska, w kt\u00f3rym dziecko b\u0119dzie mog\u0142o do\u015bwiadcza\u0107 wi\u0119cej komfortu, a nauczyciele wi\u0119cej sprawczo\u015bci.<\/p>\n<p>Zar\u00f3wno rodzice, jak i nauczyciele, z kt\u00f3rymi pracuj\u0119 zg\u0142aszaj\u0105 cz\u0119sto wyzwania w tym obszarze. Do wsp\u00f3\u0142prowadzenia webinarium zaprosi\u0142am praktyczk\u0119, nauczycielk\u0119 wspomagaj\u0105c\u0105 &#8211; <strong>Karolin\u0119 Romanek.<\/strong><\/p>\n<p><strong>Podczas webinarium poruszymy nast\u0119puj\u0105ce tematy:<\/strong><\/p>\n<p>Perspektywa rodzica i nauczyciela &#8211; jak si\u0119 r\u00f3\u017cni\u0105 i czy da si\u0119 je ujednolici\u0107?<br>\u2705 Obszary wp\u0142ywu i kompetencji &#8211; jak wybiera\u0107 obszar swojego dzia\u0142ania by zwi\u0119kszy\u0107 swoj\u0105 skuteczno\u015b\u0107 i zapobiega\u0107 frustracji?<br>\u2705 Budowanie zaufania w relacji rodzic-nauczyciel.<br>\u2705 Specyfika pracy z rodzicem neuroatypowym z perspektywy nauczyciela.<br>\u2705 Wyzwania we wsp\u00f3\u0142pracy &#8211; sytuacje z praktyki pracy i rozmowa o rozwi\u0105zaniach.<br>\u2705 Jak przygotowa\u0107 si\u0119 do rozmowy, jak w codzienno\u015bci powraca\u0107 do wypracowanych ustale\u0144?<br>\u2705 W poszukiwaniu zasob\u00f3w w \u015brodowisku szkolnym &#8211; o znaczeniu dobrych sojuszy.<\/p>\n<\/div>\n<div>\u00a0<\/div>\n<div>\u00a0<\/div>\n<div><img loading=\"lazy\" decoding=\"async\" class=\"size-medium wp-image-3167 alignleft\" src=\"https:\/\/gosiastanczyk.pl\/spektrum\/wp-content\/uploads\/2026\/04\/image-3-300x300.png\" alt=\"\" width=\"300\" height=\"300\" srcset=\"https:\/\/gosiastanczyk.pl\/spektrum\/wp-content\/uploads\/2026\/04\/image-3-300x300.png 300w, https:\/\/gosiastanczyk.pl\/spektrum\/wp-content\/uploads\/2026\/04\/image-3-150x150.png 150w, https:\/\/gosiastanczyk.pl\/spektrum\/wp-content\/uploads\/2026\/04\/image-3.png 420w\" sizes=\"auto, (max-width: 300px) 100vw, 300px\" \/><br><span style=\"font-weight: bold;\">Karolina Romanek<\/span> \u2013 Jestem absolwentk\u0105 pedagogiki specjalnej o specjalizacji: oligofrenopedagogika i tyflopedagogika oraz studi\u00f3w podyplomowych: Diagnoza, edukacja oraz terapia os\u00f3b w spektrum autyzmu na UMCS w Lublinie. Obecnie pracuj\u0119 jako nauczyciel wsp\u00f3\u0142organizuj\u0105cy oraz pedagog specjalny ma\u0142ej prywatnej szkole podstawowej, ale nieobca jest mi r\u00f3wnie\u017c praca z m\u0142odzie\u017c\u0105 poniewa\u017c przez rok by\u0142am pedagogiem specjalnym w liceum. Przez 7 lat pracowa\u0142am jako terapeuta z ma\u0142ymi dzie\u0107mi w spektrum autyzmu oraz ich rodzicami. W tym roku mia\u0142am r\u00f3wnie\u017c przyjemno\u015b\u0107 dzieli\u0107 si\u0119 wiedz\u0105 i do\u015bwiadczeniem prowadz\u0105c zaj\u0119cia ze studentami.<\/div>\n<\/div>\n<div>\u00a0<\/div>    <\/div>\n<\/div>\n<!-- \/module text --><!-- module text -->\n<div  class=\"module module-text tb_fvsi080   \" data-lazy=\"1\">\n        <div  class=\"tb_text_wrap\">\n        <p style=\"text-align: left;\">Webinarium organizujemy w ramach programu\u00a0<strong>Projekt Spektrum 2025\/2026.<\/strong><\/p>\n<p style=\"text-align: left;\">Je\u015bli chcesz obejrze\u0107 nagranie, masz dwie mo\u017cliwo\u015bci:<br>&#8211; dost\u0119p do tego webinarium za 59 z\u0142<br>&#8211; dost\u0119p do ca\u0142ego <b>Projektu Spektrum\u00a0<\/b><strong>(10 webinar\u00f3w, dost\u0119p do grupy na FB).<\/strong><\/p>    <\/div>\n<\/div>\n<!-- \/module text -->        <\/div>\n                        <\/div>\n        <\/div>\n                        <div  data-lazy=\"1\" class=\"module_row themify_builder_row tb_d5n2208 tf_w\">\n                        <div class=\"row_inner col_align_top tb_col_count_1 tf_box tf_rel\">\n                        <div  data-lazy=\"1\" class=\"module_column tb-column col-full tb_7fhr222 first\">\n                            <div  data-lazy=\"1\" class=\"module_subrow themify_builder_sub_row tf_w col_align_middle tb_col_count_2 tb_hrcw002\">\n                <div  data-lazy=\"1\" class=\"module_column sub_column col4-2 tb_0zh5783 first\">\n                    <!-- module image -->\n<div  class=\"module module-image tb_75eo030 image-top circle  tf_mw\" data-lazy=\"1\">\n        <div class=\"image-wrap tf_rel tf_mw\">\n            <img loading=\"lazy\" decoding=\"async\" src=\"https:\/\/gosiastanczyk.pl\/lato\/wp-content\/uploads\/2020\/06\/104054552_10157344072662335_7079647020648251968_n.jpg\" width=\"200\" height=\"958\" title=\"Jak budowa\u0107 relacj\u0119 rodzic-nauczyciel. Webinarium dla rodzic\u00f3w i specjalist\u00f3w.\" alt=\"Jak budowa\u0107 relacj\u0119 rodzic-nauczyciel. Webinarium dla rodzic\u00f3w i specjalist\u00f3w.\">    \n        <\/div>\n    <!-- \/image-wrap -->\n    \n        <\/div>\n<!-- \/module image -->        <\/div>\n                    <div  data-lazy=\"1\" class=\"module_column sub_column col4-2 tb_3ggi038 last\">\n                    <!-- module text -->\n<div  class=\"module module-text tb_st3q001   \" data-lazy=\"1\">\n        <div  class=\"tb_text_wrap\">\n        <h4><img loading=\"lazy\" decoding=\"async\" class=\"size-medium wp-image-1638 tb_selected_img alignleft\" title=\"rodzenstwo-jak-wspierac-relacje-swoich-dzieci-b-iext137464110\" src=\"https:\/\/gosiastanczyk.pl\/jesien\/wp-content\/uploads\/2023\/09\/rodzenstwo-jak-wspierac-relacje-swoich-dzieci-b-iext137464110.webp\" alt=\"rodzenstwo-jak-wspierac-relacje-swoich-dzieci-b-iext137464110\" width=\"155\" height=\"544\">Gosia Sta\u0144czyk<\/h4>\n<p>Jestem psychologiem, mam\u0105 trojga dzieci. Wspieram rodzic\u00f3w i nauczycieli w poszukiwaniu wiedzy, narz\u0119dzi i sposob\u00f3w na satysfakcjonuj\u0105cy, oparty na szacunku kontakt z dzie\u0107mi. Udzielam\u00a0konsultacji psychologicznych w Bliskim Miejscu w Warszawie, prowadz\u0119 warsztaty dla rodzic\u00f3w, webinaria\u00a0i superwizyjne spotkania dla nauczycieli. Jestem autork\u0105 ksi\u0105\u017cki \u201eRodze\u0144stwo\u201d. Pisz\u0119 blog po\u015bwi\u0119cony sprawom rodzicielstwa i rozwoju:\u00a0<a href=\"http:\/\/www.gosiastanczyk.pl\/\" target=\"_blank\" rel=\"noopener noreferrer\">www.gosiastanczyk.pl<\/a>.\u00a0<\/p>    <\/div>\n<\/div>\n<!-- \/module text -->        <\/div>\n                    <\/div>\n                <\/div>\n                        <\/div>\n        <\/div>\n                        <div  data-lazy=\"1\" class=\"module_row themify_builder_row tb_v9gh002 tf_w\">\n                        <div class=\"row_inner col_align_top tb_col_count_1 tf_box tf_rel\">\n                        <div  data-lazy=\"1\" class=\"module_column tb-column col-full tb_7l0b080 first\">\n                    <!-- module text -->\n<div  class=\"module module-text tb_b274006   \" data-lazy=\"1\">\n        <div  class=\"tb_text_wrap\">\n        <p><a href=\"https:\/\/gosiastanczyk.pl\/spektrum\/\"><img loading=\"lazy\" decoding=\"async\" class=\"aligncenter wp-image-1726\" title=\"Copy of Temat 1 Spektrum\" src=\"https:\/\/gosiastanczyk.pl\/spektrum\/wp-content\/uploads\/2024\/10\/Copy-of-Temat-1-Spektrum.png\" alt=\"Copy of Temat 1 Spektrum\" width=\"400\" height=\"400\"><\/a><\/p>\n<p style=\"text-align: center;\">Szczeg\u00f3\u0142y programu:\u00a0<a href=\"https:\/\/gosiastanczyk.pl\/spektrum\/\">https:\/\/gosiastanczyk.pl\/spektrum\/<\/a><\/p>    <\/div>\n<\/div>\n<!-- \/module text -->        <\/div>\n                        <\/div>\n        <\/div>\n                        <div  data-anchor=\"jesien\" data-lazy=\"1\" class=\"module_row themify_builder_row tb_has_section tb_section-jesien tb_buqw737 tf_w\">\n                        <div class=\"row_inner col_align_top tb_col_count_2 tf_box tf_rel\">\n                        <div  data-lazy=\"1\" class=\"module_column tb-column col4-2 tb_ucdf899 first\">\n                    <div  id=\"tb_evb7000\" class=\"module module-pricing-table ui tb_evb7000 rounded gradient red  tf_textc tf_rel tf_w pricing-enlarge\" data-lazy=\"1\">\n\t\t\n\t\n    <div class=\"module-pricing-table-header tf_rel ui red rounded gradient\" >\n\t\t\t\t\t<span class=\"module-pricing-table-title tf_block tf_w\">\n\t\t\t\t\t\t\t\t<span>PROJEKT SPEKTRUM<\/span>\n\t\t\t<\/span>\n\t\t\t\t\t\t\t<span class=\"module-pricing-table-price tf_block tf_w\">449 Z\u0141<\/span>\n\t\t\t\t\t\t    <\/div><!-- .module-pricing-table-header -->\n    <div class=\"module-pricing-table-content tf_box tf_w\">\n\t\t\t\t\t\t\t\t\t\t\t\t\t\t<div class=\"module-pricing-table-features\">Cena 449 z\u0142<\/div>\n\t\t\t\t\t\t\t\t\t\t\t\t\t\t\t\t<div class=\"module-pricing-table-features\">Dost\u0119p do wszystkich <b>11<\/b> webinar\u00f3w<\/div>\n\t\t\t\t\t\t\t\t\t\t\t\t\t\t\t\t<div class=\"module-pricing-table-features\">Dost\u0119p do grupy FB<\/div>\n\t\t\t\t\t\t\t\t\t\t\t\t\t\t\t\t<div class=\"module-pricing-table-features\">Tematy, kt\u00f3rymi zajmiemy si\u0119 podczas Projektu Spektrum:<\/div>\n\t\t\t\t\t\t\t\t\t\t\t\t\t\t\t\t<div class=\"module-pricing-table-features\">\u2705 1. Jak dzia\u0142a uwaga os\u00f3b w spektrum autyzmu? Teoria monotropowego umys\u0142u i jej konsekwencje w budowaniu wsparcia &#8211; Aneta Bujnowska, Gosia Sta\u0144czyk<\/div>\n\t\t\t\t\t\t\t\t\t\t\t\t\t\t\t\t<div class=\"module-pricing-table-features\">\u2705 2. Profilaktyka depresji u os\u00f3b neuroatypowych. Co mo\u017cemy zrobi\u0107, by chroni\u0107 zdrowie psychiczne naszych dzieci. &#8211; Jagoda Sikora, Gosia Sta\u0144czyk<\/div>\n\t\t\t\t\t\t\t\t\t\t\t\t\t\t\t\t<div class=\"module-pricing-table-features\">\u2705 3. Nastolatek w spektrum &#8211; jak go rozumie\u0107 i wspiera\u0107? &#8211; Paulina Zawadzka, Gosia Sta\u0144czyk<\/div>\n\t\t\t\t\t\t\t\t\t\t\t\t\t\t\t\t<div class=\"module-pricing-table-features\">\u2705 4. Gdy problemy z jedzeniem wp\u0142ywaj\u0105 na zdrowie i rozw\u00f3j dziecka. Czym jest ARFID? &#8211; Marta Baj-Lieder, Gosia Sta\u0144czyk<\/div>\n\t\t\t\t\t\t\t\t\t\t\t\t\t\t\t\t<div class=\"module-pricing-table-features\">\u2705 5. AuDHD w praktyce. O wsp\u00f3\u0142wyst\u0119powaniu spektrum autyzmu i ADHD. &#8211; Gosia Sta\u0144czyk<\/div>\n\t\t\t\t\t\t\t\t\t\t\t\t\t\t\t\t<div class=\"module-pricing-table-features\">\u2705 6. Projekt Spektrum: Mity i nieporozumienia wok\u00f3\u0142 spektrum autyzmu. Webinarium z praktyczk\u0105 i diagnostk\u0105. &#8211; Anita Wojtkiewicz, Gosia Sta\u0144czyk<\/div>\n\t\t\t\t\t\t\t\t\t\t\t\t\t\t\t\t<div class=\"module-pricing-table-features\">\u2705 7. Od samorzecznictwa do wsp\u00f3lnoty: jak budowa\u0107 ostoje dla os\u00f3b neuroodmiennych. &#8211; Julia Kozakiewicz-Dom\u017ca\u0142, Gosia Sta\u0144czyk<\/div>\n\t\t\t\t\t\t\t\t\t\t\t\t\t\t\t\t<div class=\"module-pricing-table-features\">\u2705 8. Jak budowa\u0107 relacj\u0119 rodzic-nauczyciel. Webinarium dla rodzic\u00f3w i specjalist\u00f3w. &#8211; Karolina Romanek, Gosia Sta\u0144czyk<\/div>\n\t\t\t\t\t\t\t\t\t\t\t\t\t\t\t\t<div class=\"module-pricing-table-features\">\u2705 9. Zestresowany jak rodzic &#8211; o skutkach przewlek\u0142ego stresu i strategiach radzenia sobie z nim. &#8211; Agnieszka St\u0105\u017cka-Gawrysiak, Gosia Sta\u0144czyk<\/div>\n\t\t\t\t\t\t\t\t\t\t\t\t\t\t\t\t<div class=\"module-pricing-table-features\">\u2705 10. Jak wspiera\u0107 poczucie w\u0142asnej warto\u015bci dziecka z ADHD? &#8211; Kasia Kalinowska, Gosia Sta\u0144czyk<\/div>\n\t\t\t\t\t\t\t\t\t\t\t\t\t\t\t\t<div class=\"module-pricing-table-features\">\u2705 11. Od sztywno\u015bci do elastyczno\u015bci &#8211; uwarunkowania sztywnych wzorc\u00f3w zachowa\u0144 u os\u00f3b w spektrum autyzmu. Jak rozumie\u0107 sztywno\u015b\u0107 i wspiera\u0107 dzieci w nabywaniu elastyczno\u015bci. &#8211; Gosia Sta\u0144czyk<\/div>\n\t\t\t\t\t\t\t\t\t\t\t\t\t\t\t\t<div class=\"module-pricing-table-features\">Dost\u0119p do nagra\u0144 przez 2 lata.<\/div>\n\t\t\t\t\t\t\t\t\t\t\t\t\t\t\t\t\t\t\t\t\t\t\t\t\t\t\t\t\t\t\t<a class=\"module-pricing-table-button tf_rel ui red rounded gradient\" href=\"https:\/\/gosiastanczyk.pl\/sklep\/educators\/?add-to-cart=26749\">\n\t\t\t\tZapisuj\u0119 si\u0119 na ca\u0142y projekt spektrum \n\t\t\t<\/a> \n\t\t    <\/div><!-- .module-pricing-table-content -->\n\t<\/div><!-- \/module pricing-table -->\n<!-- module buttons -->\n<div  class=\"module module-buttons tb_kclg380 buttons-horizontal solid  large rounded\" data-lazy=\"1\">\n        <div class=\"module-buttons-item tf_in_flx\">\n                        <a href=\"https:\/\/gosiastanczyk.pl\/spektrum\/\" class=\"ui builder_button tf_in_flx tb_default_color\" >\n                                                Chc\u0119 pozna\u0107 wi\u0119cej szczeg\u00f3\u0142\u00f3w o Projekcie Spektum (harmonogram)                                        <\/a>\n                <\/div>\n            <\/div>\n<!-- \/module buttons -->\n        <\/div>\n                    <div  data-lazy=\"1\" class=\"module_column tb-column col4-2 tb_ppno230 last\">\n                    <div  id=\"tb_z4p3229\" class=\"module module-pricing-table ui tb_z4p3229 rounded gradient light-blue  tf_textc tf_rel tf_w\" data-lazy=\"1\">\n\t\t\n\t\n    <div class=\"module-pricing-table-header tf_rel ui light-blue rounded gradient\" >\n\t\t\t\t\t\t\t<span class=\"module-pricing-table-price tf_block tf_w\">59 Z\u0141<\/span>\n\t\t\t\t\t\t\t\t\t<p class=\"module-pricing-table-description\">Pojedyncze webinarium<\/p>\n\t\t    <\/div><!-- .module-pricing-table-header -->\n    <div class=\"module-pricing-table-content tf_box tf_w\">\n\t\t\t\t\t\t\t\t\t\t\t\t\t\t<div class=\"module-pricing-table-features\">Projekt Spektrum: Jak budowa\u0107 relacj\u0119 rodzic-nauczyciel. Webinarium dla rodzic\u00f3w i specjalist\u00f3w. &#8211; Karolina Romanek, Gosia Sta\u0144czyk<\/div>\n\t\t\t\t\t\t\t\t\t\t\t\t\t\t\t\t\t\t\t\t\t\t\t\t\t\t\t\t\t\t\t<a class=\"module-pricing-table-button tf_rel ui light-blue rounded gradient\" href=\"https:\/\/gosiastanczyk.pl\/sklep\/educators\/?add-to-cart=27333\">\n\t\t\t\tZapisuj\u0119 si\u0119 \n\t\t\t<\/a> \n\t\t    <\/div><!-- .module-pricing-table-content -->\n\t<\/div><!-- \/module pricing-table -->\n        <\/div>\n                        <\/div>\n        <\/div>\n        <\/div>\n<!--\/themify_builder_content-->","protected":false},"excerpt":{"rendered":"<p>Jak budowa\u0107 relacj\u0119 rodzic-nauczyciel. Webinarium dla rodzic\u00f3w i specjalist\u00f3w\u00a0 Termin: 9 kwietnia 2026 (czwartek), godzina 21:00 Prowadz\u0105ce: Karolina Romanek, Gosia Sta\u0144czyk\u00a0 Nie musisz by\u0107 na \u017cywo &#8211; b\u0119dzie dost\u0119pne nagranie (na 2 lata). \u00a0 Bliska wsp\u00f3\u0142praca rodzic\u00f3w i nauczycieli, w przypadku dzieci z orzeczeniem o potrzebie kszta\u0142cenia specjalnego, daje szans\u0119 na po\u0142\u0105czenie zasob\u00f3w obu stron [&hellip;]<\/p>\n","protected":false},"author":1,"featured_media":0,"parent":0,"menu_order":0,"comment_status":"closed","ping_status":"closed","template":"","meta":{"_monsterinsights_skip_tracking":false,"_monsterinsights_sitenote_active":false,"_monsterinsights_sitenote_note":"","_monsterinsights_sitenote_category":0,"footnotes":""},"class_list":["post-3159","page","type-page","status-publish","hentry","has-post-title","has-post-date","has-post-category","has-post-tag","has-post-comment","has-post-author",""],"builder_content":"<img src=\"https:\/\/gosiastanczyk.pl\/spektrum\/wp-content\/uploads\/2026\/04\/Projekt-spektrum-11-1024x1024-600x600.png\" width=\"600\" height=\"600\" title=\"Projekt spektrum (11)\" alt=\"Projekt spektrum (11)\" srcset=\"https:\/\/gosiastanczyk.pl\/spektrum\/wp-content\/uploads\/2026\/04\/Projekt-spektrum-11-1024x1024-600x600.png 600w, https:\/\/gosiastanczyk.pl\/spektrum\/wp-content\/uploads\/2026\/04\/Projekt-spektrum-11-300x300.png 300w, https:\/\/gosiastanczyk.pl\/spektrum\/wp-content\/uploads\/2026\/04\/Projekt-spektrum-11-1024x1024.png 1024w, https:\/\/gosiastanczyk.pl\/spektrum\/wp-content\/uploads\/2026\/04\/Projekt-spektrum-11-150x150.png 150w, https:\/\/gosiastanczyk.pl\/spektrum\/wp-content\/uploads\/2026\/04\/Projekt-spektrum-11-768x768.png 768w, https:\/\/gosiastanczyk.pl\/spektrum\/wp-content\/uploads\/2026\/04\/Projekt-spektrum-11.png 1080w\" sizes=\"(max-width: 600px) 100vw, 600px\" \/>\n\n<h3>Jak budowa\u0107 relacj\u0119 rodzic-nauczyciel. Webinarium dla rodzic\u00f3w i specjalist\u00f3w\u00a0<\/h3>\nTermin: 9 kwietnia 2026 (czwartek), godzina 21:00 Prowadz\u0105ce: Karolina Romanek, Gosia Sta\u0144czyk\u00a0 <b>Nie musisz by\u0107 na \u017cywo - b\u0119dzie dost\u0119pne nagranie (na 2 lata).<\/b>\n\u00a0\n<p>Bliska wsp\u00f3\u0142praca rodzic\u00f3w i nauczycieli, w przypadku dzieci z orzeczeniem o potrzebie kszta\u0142cenia specjalnego, daje szans\u0119 na po\u0142\u0105czenie zasob\u00f3w obu stron i stworzenie \u015brodowiska, w kt\u00f3rym dziecko b\u0119dzie mog\u0142o do\u015bwiadcza\u0107 wi\u0119cej komfortu, a nauczyciele wi\u0119cej sprawczo\u015bci.<\/p> <p>Zar\u00f3wno rodzice, jak i nauczyciele, z kt\u00f3rymi pracuj\u0119 zg\u0142aszaj\u0105 cz\u0119sto wyzwania w tym obszarze. Do wsp\u00f3\u0142prowadzenia webinarium zaprosi\u0142am praktyczk\u0119, nauczycielk\u0119 wspomagaj\u0105c\u0105 - <strong>Karolin\u0119 Romanek.<\/strong><\/p> <p><strong>Podczas webinarium poruszymy nast\u0119puj\u0105ce tematy:<\/strong><\/p> <p>Perspektywa rodzica i nauczyciela - jak si\u0119 r\u00f3\u017cni\u0105 i czy da si\u0119 je ujednolici\u0107?<br>\u2705 Obszary wp\u0142ywu i kompetencji - jak wybiera\u0107 obszar swojego dzia\u0142ania by zwi\u0119kszy\u0107 swoj\u0105 skuteczno\u015b\u0107 i zapobiega\u0107 frustracji?<br>\u2705 Budowanie zaufania w relacji rodzic-nauczyciel.<br>\u2705 Specyfika pracy z rodzicem neuroatypowym z perspektywy nauczyciela.<br>\u2705 Wyzwania we wsp\u00f3\u0142pracy - sytuacje z praktyki pracy i rozmowa o rozwi\u0105zaniach.<br>\u2705 Jak przygotowa\u0107 si\u0119 do rozmowy, jak w codzienno\u015bci powraca\u0107 do wypracowanych ustale\u0144?<br>\u2705 W poszukiwaniu zasob\u00f3w w \u015brodowisku szkolnym - o znaczeniu dobrych sojuszy.<\/p>\n\u00a0 \u00a0 <img loading=\"lazy\" decoding=\"async\" src=\"https:\/\/gosiastanczyk.pl\/spektrum\/wp-content\/uploads\/2026\/04\/image-3-300x300.png\" alt=\"\" width=\"300\" height=\"300\" srcset=\"https:\/\/gosiastanczyk.pl\/spektrum\/wp-content\/uploads\/2026\/04\/image-3-300x300.png 300w, https:\/\/gosiastanczyk.pl\/spektrum\/wp-content\/uploads\/2026\/04\/image-3-150x150.png 150w, https:\/\/gosiastanczyk.pl\/spektrum\/wp-content\/uploads\/2026\/04\/image-3.png 420w\" sizes=\"auto, (max-width: 300px) 100vw, 300px\" \/><br>Karolina Romanek \u2013 Jestem absolwentk\u0105 pedagogiki specjalnej o specjalizacji: oligofrenopedagogika i tyflopedagogika oraz studi\u00f3w podyplomowych: Diagnoza, edukacja oraz terapia os\u00f3b w spektrum autyzmu na UMCS w Lublinie. Obecnie pracuj\u0119 jako nauczyciel wsp\u00f3\u0142organizuj\u0105cy oraz pedagog specjalny ma\u0142ej prywatnej szkole podstawowej, ale nieobca jest mi r\u00f3wnie\u017c praca z m\u0142odzie\u017c\u0105 poniewa\u017c przez rok by\u0142am pedagogiem specjalnym w liceum. Przez 7 lat pracowa\u0142am jako terapeuta z ma\u0142ymi dzie\u0107mi w spektrum autyzmu oraz ich rodzicami. W tym roku mia\u0142am r\u00f3wnie\u017c przyjemno\u015b\u0107 dzieli\u0107 si\u0119 wiedz\u0105 i do\u015bwiadczeniem prowadz\u0105c zaj\u0119cia ze studentami.\n\u00a0\n<p style=\"text-align: left;\">Webinarium organizujemy w ramach programu\u00a0<strong>Projekt Spektrum 2025\/2026.<\/strong><\/p> <p style=\"text-align: left;\">Je\u015bli chcesz obejrze\u0107 nagranie, masz dwie mo\u017cliwo\u015bci:<br>- dost\u0119p do tego webinarium za 59 z\u0142<br>- dost\u0119p do ca\u0142ego <b>Projektu Spektrum\u00a0<\/b><strong>(10 webinar\u00f3w, dost\u0119p do grupy na FB).<\/strong><\/p>\n<img src=\"https:\/\/gosiastanczyk.pl\/lato\/wp-content\/uploads\/2020\/06\/104054552_10157344072662335_7079647020648251968_n.jpg\" width=\"200\" height=\"958\" title=\"Jak budowa\u0107 relacj\u0119 rodzic-nauczyciel. Webinarium dla rodzic\u00f3w i specjalist\u00f3w.\" alt=\"Jak budowa\u0107 relacj\u0119 rodzic-nauczyciel. Webinarium dla rodzic\u00f3w i specjalist\u00f3w.\">\n<h4><img loading=\"lazy\" decoding=\"async\" title=\"rodzenstwo-jak-wspierac-relacje-swoich-dzieci-b-iext137464110\" src=\"https:\/\/gosiastanczyk.pl\/jesien\/wp-content\/uploads\/2023\/09\/rodzenstwo-jak-wspierac-relacje-swoich-dzieci-b-iext137464110.webp\" alt=\"rodzenstwo-jak-wspierac-relacje-swoich-dzieci-b-iext137464110\" width=\"155\" height=\"544\">Gosia Sta\u0144czyk<\/h4> <p>Jestem psychologiem, mam\u0105 trojga dzieci. Wspieram rodzic\u00f3w i nauczycieli w poszukiwaniu wiedzy, narz\u0119dzi i sposob\u00f3w na satysfakcjonuj\u0105cy, oparty na szacunku kontakt z dzie\u0107mi. Udzielam\u00a0konsultacji psychologicznych w Bliskim Miejscu w Warszawie, prowadz\u0119 warsztaty dla rodzic\u00f3w, webinaria\u00a0i superwizyjne spotkania dla nauczycieli. Jestem autork\u0105 ksi\u0105\u017cki \u201eRodze\u0144stwo\u201d. Pisz\u0119 blog po\u015bwi\u0119cony sprawom rodzicielstwa i rozwoju:\u00a0<a href=\"http:\/\/www.gosiastanczyk.pl\/\" target=\"_blank\" rel=\"noopener noreferrer\">www.gosiastanczyk.pl<\/a>.\u00a0<\/p>\n<p><a href=\"https:\/\/gosiastanczyk.pl\/spektrum\/\"><img loading=\"lazy\" decoding=\"async\" title=\"Copy of Temat 1 Spektrum\" src=\"https:\/\/gosiastanczyk.pl\/spektrum\/wp-content\/uploads\/2024\/10\/Copy-of-Temat-1-Spektrum.png\" alt=\"Copy of Temat 1 Spektrum\" width=\"400\" height=\"400\"><\/a><\/p> <p style=\"text-align: center;\">Szczeg\u00f3\u0142y programu:\u00a0<a href=\"https:\/\/gosiastanczyk.pl\/spektrum\/\">https:\/\/gosiastanczyk.pl\/spektrum\/<\/a><\/p>\nPROJEKT SPEKTRUM 449 Z\u0141 Cena 449 z\u0142 Dost\u0119p do wszystkich <b>11<\/b> webinar\u00f3w Dost\u0119p do grupy FB Tematy, kt\u00f3rymi zajmiemy si\u0119 podczas Projektu Spektrum: \u2705 1. Jak dzia\u0142a uwaga os\u00f3b w spektrum autyzmu? Teoria monotropowego umys\u0142u i jej konsekwencje w budowaniu wsparcia - Aneta Bujnowska, Gosia Sta\u0144czyk \u2705 2. Profilaktyka depresji u os\u00f3b neuroatypowych. Co mo\u017cemy zrobi\u0107, by chroni\u0107 zdrowie psychiczne naszych dzieci. - Jagoda Sikora, Gosia Sta\u0144czyk \u2705 3. Nastolatek w spektrum - jak go rozumie\u0107 i wspiera\u0107? - Paulina Zawadzka, Gosia Sta\u0144czyk \u2705 4. Gdy problemy z jedzeniem wp\u0142ywaj\u0105 na zdrowie i rozw\u00f3j dziecka. Czym jest ARFID? - Marta Baj-Lieder, Gosia Sta\u0144czyk \u2705 5. AuDHD w praktyce. O wsp\u00f3\u0142wyst\u0119powaniu spektrum autyzmu i ADHD. - Gosia Sta\u0144czyk \u2705 6. Projekt Spektrum: Mity i nieporozumienia wok\u00f3\u0142 spektrum autyzmu. Webinarium z praktyczk\u0105 i diagnostk\u0105. - Anita Wojtkiewicz, Gosia Sta\u0144czyk \u2705 7. Od samorzecznictwa do wsp\u00f3lnoty: jak budowa\u0107 ostoje dla os\u00f3b neuroodmiennych. - Julia Kozakiewicz-Dom\u017ca\u0142, Gosia Sta\u0144czyk \u2705 8. Jak budowa\u0107 relacj\u0119 rodzic-nauczyciel. Webinarium dla rodzic\u00f3w i specjalist\u00f3w. - Karolina Romanek, Gosia Sta\u0144czyk \u2705 9. Zestresowany jak rodzic - o skutkach przewlek\u0142ego stresu i strategiach radzenia sobie z nim. - Agnieszka St\u0105\u017cka-Gawrysiak, Gosia Sta\u0144czyk \u2705 10. Jak wspiera\u0107 poczucie w\u0142asnej warto\u015bci dziecka z ADHD? - Kasia Kalinowska, Gosia Sta\u0144czyk \u2705 11. Od sztywno\u015bci do elastyczno\u015bci - uwarunkowania sztywnych wzorc\u00f3w zachowa\u0144 u os\u00f3b w spektrum autyzmu. Jak rozumie\u0107 sztywno\u015b\u0107 i wspiera\u0107 dzieci w nabywaniu elastyczno\u015bci. - Gosia Sta\u0144czyk Dost\u0119p do nagra\u0144 przez 2 lata. <a href=\"https:\/\/gosiastanczyk.pl\/sklep\/educators\/?add-to-cart=26749\"> Zapisuj\u0119 si\u0119 na ca\u0142y projekt spektrum <\/a>\n<a href=\"https:\/\/gosiastanczyk.pl\/spektrum\/\" > Chc\u0119 pozna\u0107 wi\u0119cej szczeg\u00f3\u0142\u00f3w o Projekcie Spektum (harmonogram) <\/a>\n59 Z\u0141 <p>Pojedyncze webinarium<\/p> Projekt Spektrum: Jak budowa\u0107 relacj\u0119 rodzic-nauczyciel. Webinarium dla rodzic\u00f3w i specjalist\u00f3w. - Karolina Romanek, Gosia Sta\u0144czyk <a href=\"https:\/\/gosiastanczyk.pl\/sklep\/educators\/?add-to-cart=27333\"> Zapisuj\u0119 si\u0119 <\/a>","_links":{"self":[{"href":"https:\/\/gosiastanczyk.pl\/spektrum\/wp-json\/wp\/v2\/pages\/3159","targetHints":{"allow":["GET"]}}],"collection":[{"href":"https:\/\/gosiastanczyk.pl\/spektrum\/wp-json\/wp\/v2\/pages"}],"about":[{"href":"https:\/\/gosiastanczyk.pl\/spektrum\/wp-json\/wp\/v2\/types\/page"}],"author":[{"embeddable":true,"href":"https:\/\/gosiastanczyk.pl\/spektrum\/wp-json\/wp\/v2\/users\/1"}],"replies":[{"embeddable":true,"href":"https:\/\/gosiastanczyk.pl\/spektrum\/wp-json\/wp\/v2\/comments?post=3159"}],"version-history":[{"count":22,"href":"https:\/\/gosiastanczyk.pl\/spektrum\/wp-json\/wp\/v2\/pages\/3159\/revisions"}],"predecessor-version":[{"id":3183,"href":"https:\/\/gosiastanczyk.pl\/spektrum\/wp-json\/wp\/v2\/pages\/3159\/revisions\/3183"}],"wp:attachment":[{"href":"https:\/\/gosiastanczyk.pl\/spektrum\/wp-json\/wp\/v2\/media?parent=3159"}],"curies":[{"name":"wp","href":"https:\/\/api.w.org\/{rel}","templated":true}]}}